{"version":"1.0","provider_name":"Basque Country Mobility and Logistics Cluster","provider_url":"https:\/\/mlcluster.com\/en\/","title":"Encuentro estrat\u00e9gico sectorial de Movilidad y Log\u00edstica - Basque Country Mobility and Logistics Cluster","type":"rich","width":600,"height":338,"html":"<blockquote class=\"wp-embedded-content\" data-secret=\"edyT1b6XLN\"><a href=\"https:\/\/mlcluster.com\/en\/encuentro-estrategico-sectorial-de-movilidad-y-logistica\/\">Encuentro estrat\u00e9gico sectorial de Movilidad y Log\u00edstica<\/a><\/blockquote><iframe sandbox=\"allow-scripts\" security=\"restricted\" src=\"https:\/\/mlcluster.com\/en\/encuentro-estrategico-sectorial-de-movilidad-y-logistica\/embed\/#?secret=edyT1b6XLN\" width=\"600\" height=\"338\" title=\"&#8220;Encuentro estrat\u00e9gico sectorial de Movilidad y Log\u00edstica&#8221; &#8212; Basque Country Mobility and Logistics Cluster\" data-secret=\"edyT1b6XLN\" frameborder=\"0\" marginwidth=\"0\" marginheight=\"0\" scrolling=\"no\" class=\"wp-embedded-content\"><\/iframe><script>\n\/*! This file is auto-generated *\/\n!function(d,l){\"use strict\";l.querySelector&&d.addEventListener&&\"undefined\"!=typeof URL&&(d.wp=d.wp||{},d.wp.receiveEmbedMessage||(d.wp.receiveEmbedMessage=function(e){var t=e.data;if((t||t.secret||t.message||t.value)&&!\/[^a-zA-Z0-9]\/.test(t.secret)){for(var s,r,n,a=l.querySelectorAll('iframe[data-secret=\"'+t.secret+'\"]'),o=l.querySelectorAll('blockquote[data-secret=\"'+t.secret+'\"]'),c=new RegExp(\"^https?:$\",\"i\"),i=0;i<o.length;i++)o[i].style.display=\"none\";for(i=0;i<a.length;i++)s=a[i],e.source===s.contentWindow&&(s.removeAttribute(\"style\"),\"height\"===t.message?(1e3<(r=parseInt(t.value,10))?r=1e3:~~r<200&&(r=200),s.height=r):\"link\"===t.message&&(r=new URL(s.getAttribute(\"src\")),n=new URL(t.value),c.test(n.protocol))&&n.host===r.host&&l.activeElement===s&&(d.top.location.href=t.value))}},d.addEventListener(\"message\",d.wp.receiveEmbedMessage,!1),l.addEventListener(\"DOMContentLoaded\",function(){for(var e,t,s=l.querySelectorAll(\"iframe.wp-embedded-content\"),r=0;r<s.length;r++)(t=(e=s[r]).getAttribute(\"data-secret\"))||(t=Math.random().toString(36).substring(2,12),e.src+=\"#?secret=\"+t,e.setAttribute(\"data-secret\",t)),e.contentWindow.postMessage({message:\"ready\",secret:t},\"*\")},!1)))}(window,document);\n<\/script>\n","description":"El pr\u00f3ximo d\u00eda 21 de marzo se celebrar\u00e1 el encuentro estrat\u00e9gico de Movilidad y Log\u00edstica en Euskadi. La cita servir\u00e1 para presentar las claves del sector para los pr\u00f3ximos cuatro a\u00f1os, un trabajo realizado con la colaboraci\u00f3n de todos sus asociados, desde MLC ITS Euskadi, el Cl\u00faster que agrupa a los principales agentes del sector&hellip;"}