{"version":"1.0","provider_name":"Euskadiko Mugikortasun eta Logistika Klusterra","provider_url":"https:\/\/mlcluster.com\/eu\/","title":"AR Racking.  Nuevo proyecto log\u00edstico en Galicia - Euskadiko Mugikortasun eta Logistika Klusterra","type":"rich","width":600,"height":338,"html":"<blockquote class=\"wp-embedded-content\" data-secret=\"p4Z9Yd57CB\"><a href=\"https:\/\/mlcluster.com\/eu\/ar-racking-nuevo-proyecto-logistico-en-galicia\/\">AR Racking. <BR> Nuevo proyecto log\u00edstico en Galicia<\/a><\/blockquote><iframe sandbox=\"allow-scripts\" security=\"restricted\" src=\"https:\/\/mlcluster.com\/eu\/ar-racking-nuevo-proyecto-logistico-en-galicia\/embed\/#?secret=p4Z9Yd57CB\" width=\"600\" height=\"338\" title=\"&#8220;AR Racking. &lt;BR&gt; Nuevo proyecto log\u00edstico en Galicia&#8221; &#8212; Euskadiko Mugikortasun eta Logistika Klusterra\" data-secret=\"p4Z9Yd57CB\" frameborder=\"0\" marginwidth=\"0\" marginheight=\"0\" scrolling=\"no\" class=\"wp-embedded-content\"><\/iframe><script>\n\/*! This file is auto-generated *\/\n!function(d,l){\"use strict\";l.querySelector&&d.addEventListener&&\"undefined\"!=typeof URL&&(d.wp=d.wp||{},d.wp.receiveEmbedMessage||(d.wp.receiveEmbedMessage=function(e){var t=e.data;if((t||t.secret||t.message||t.value)&&!\/[^a-zA-Z0-9]\/.test(t.secret)){for(var s,r,n,a=l.querySelectorAll('iframe[data-secret=\"'+t.secret+'\"]'),o=l.querySelectorAll('blockquote[data-secret=\"'+t.secret+'\"]'),c=new RegExp(\"^https?:$\",\"i\"),i=0;i<o.length;i++)o[i].style.display=\"none\";for(i=0;i<a.length;i++)s=a[i],e.source===s.contentWindow&&(s.removeAttribute(\"style\"),\"height\"===t.message?(1e3<(r=parseInt(t.value,10))?r=1e3:~~r<200&&(r=200),s.height=r):\"link\"===t.message&&(r=new URL(s.getAttribute(\"src\")),n=new URL(t.value),c.test(n.protocol))&&n.host===r.host&&l.activeElement===s&&(d.top.location.href=t.value))}},d.addEventListener(\"message\",d.wp.receiveEmbedMessage,!1),l.addEventListener(\"DOMContentLoaded\",function(){for(var e,t,s=l.querySelectorAll(\"iframe.wp-embedded-content\"),r=0;r<s.length;r++)(t=(e=s[r]).getAttribute(\"data-secret\"))||(t=Math.random().toString(36).substring(2,12),e.src+=\"#?secret=\"+t,e.setAttribute(\"data-secret\",t)),e.contentWindow.postMessage({message:\"ready\",secret:t},\"*\")},!1)))}(window,document);\n<\/script>\n","description":"AR ha finalizado con \u00e9xito el equipamiento de un nuevo almac\u00e9n para Recambios Frain, referente en la distribuci\u00f3n de componentes del sector de automoci\u00f3n. El nuevo almac\u00e9n, ubicado en Lugo, cuenta con una superficie de 4 mil m2 y ha sido dise\u00f1ado para acompa\u00f1ar el crecimiento de la compa\u00f1\u00eda, que buscaba aumentar su capacidad de&hellip;"}