{"version":"1.0","provider_name":"Euskadiko Mugikortasun eta Logistika Klusterra","provider_url":"https:\/\/mlcluster.com\/eu\/","title":"X Congreso ITS Euskadi Congresos ITS, Jornadas del cl\u00faster - Euskadiko Mugikortasun eta Logistika Klusterra","type":"rich","width":600,"height":338,"html":"<blockquote class=\"wp-embedded-content\" data-secret=\"jAWxEtQQ6H\"><a href=\"https:\/\/mlcluster.com\/eu\/evento\/x-congreso-its-euskadi\/\">X Congreso ITS Euskadi<\/a><\/blockquote><iframe sandbox=\"allow-scripts\" security=\"restricted\" src=\"https:\/\/mlcluster.com\/eu\/evento\/x-congreso-its-euskadi\/embed\/#?secret=jAWxEtQQ6H\" width=\"600\" height=\"338\" title=\"&#8220;X Congreso ITS Euskadi&#8221; &#8212; Euskadiko Mugikortasun eta Logistika Klusterra\" data-secret=\"jAWxEtQQ6H\" frameborder=\"0\" marginwidth=\"0\" marginheight=\"0\" scrolling=\"no\" class=\"wp-embedded-content\"><\/iframe><script>\n\/*! This file is auto-generated *\/\n!function(d,l){\"use strict\";l.querySelector&&d.addEventListener&&\"undefined\"!=typeof URL&&(d.wp=d.wp||{},d.wp.receiveEmbedMessage||(d.wp.receiveEmbedMessage=function(e){var t=e.data;if((t||t.secret||t.message||t.value)&&!\/[^a-zA-Z0-9]\/.test(t.secret)){for(var s,r,n,a=l.querySelectorAll('iframe[data-secret=\"'+t.secret+'\"]'),o=l.querySelectorAll('blockquote[data-secret=\"'+t.secret+'\"]'),c=new RegExp(\"^https?:$\",\"i\"),i=0;i<o.length;i++)o[i].style.display=\"none\";for(i=0;i<a.length;i++)s=a[i],e.source===s.contentWindow&&(s.removeAttribute(\"style\"),\"height\"===t.message?(1e3<(r=parseInt(t.value,10))?r=1e3:~~r<200&&(r=200),s.height=r):\"link\"===t.message&&(r=new URL(s.getAttribute(\"src\")),n=new URL(t.value),c.test(n.protocol))&&n.host===r.host&&l.activeElement===s&&(d.top.location.href=t.value))}},d.addEventListener(\"message\",d.wp.receiveEmbedMessage,!1),l.addEventListener(\"DOMContentLoaded\",function(){for(var e,t,s=l.querySelectorAll(\"iframe.wp-embedded-content\"),r=0;r<s.length;r++)(t=(e=s[r]).getAttribute(\"data-secret\"))||(t=Math.random().toString(36).substring(2,12),e.src+=\"#?secret=\"+t,e.setAttribute(\"data-secret\",t)),e.contentWindow.postMessage({message:\"ready\",secret:t},\"*\")},!1)))}(window,document);\n<\/script>\n","description":"Todos los agentes que est\u00e1n involucrados en la Movilidad de personas y mercanc\u00edas, desde sus diferentes \u00e1mbitos, tienen como objetivo prioritario el factor medioambiental como v\u00eda para mejorar la Movilidad y, con ella, la calidad de vida de las personas. As\u00ed se desprende de las intervenciones que han tenido lugar esta ma\u00f1ana en el Congreso&hellip;"}