{"version":"1.0","provider_name":"Euskadiko Mugikortasun eta Logistika Klusterra","provider_url":"https:\/\/mlcluster.com\/eu\/","title":"La Log\u00edstica Vasca se promociona en el SIL - Euskadiko Mugikortasun eta Logistika Klusterra","type":"rich","width":600,"height":338,"html":"<blockquote class=\"wp-embedded-content\" data-secret=\"MIhXDVsmcG\"><a href=\"https:\/\/mlcluster.com\/eu\/la-logistica-vasca-se-promociona-en-el-sil\/\">La Log\u00edstica Vasca se promociona en el SIL<\/a><\/blockquote><iframe sandbox=\"allow-scripts\" security=\"restricted\" src=\"https:\/\/mlcluster.com\/eu\/la-logistica-vasca-se-promociona-en-el-sil\/embed\/#?secret=MIhXDVsmcG\" width=\"600\" height=\"338\" title=\"&#8220;La Log\u00edstica Vasca se promociona en el SIL&#8221; &#8212; Euskadiko Mugikortasun eta Logistika Klusterra\" data-secret=\"MIhXDVsmcG\" frameborder=\"0\" marginwidth=\"0\" marginheight=\"0\" scrolling=\"no\" class=\"wp-embedded-content\"><\/iframe><script>\n\/*! This file is auto-generated *\/\n!function(d,l){\"use strict\";l.querySelector&&d.addEventListener&&\"undefined\"!=typeof URL&&(d.wp=d.wp||{},d.wp.receiveEmbedMessage||(d.wp.receiveEmbedMessage=function(e){var t=e.data;if((t||t.secret||t.message||t.value)&&!\/[^a-zA-Z0-9]\/.test(t.secret)){for(var s,r,n,a=l.querySelectorAll('iframe[data-secret=\"'+t.secret+'\"]'),o=l.querySelectorAll('blockquote[data-secret=\"'+t.secret+'\"]'),c=new RegExp(\"^https?:$\",\"i\"),i=0;i<o.length;i++)o[i].style.display=\"none\";for(i=0;i<a.length;i++)s=a[i],e.source===s.contentWindow&&(s.removeAttribute(\"style\"),\"height\"===t.message?(1e3<(r=parseInt(t.value,10))?r=1e3:~~r<200&&(r=200),s.height=r):\"link\"===t.message&&(r=new URL(s.getAttribute(\"src\")),n=new URL(t.value),c.test(n.protocol))&&n.host===r.host&&l.activeElement===s&&(d.top.location.href=t.value))}},d.addEventListener(\"message\",d.wp.receiveEmbedMessage,!1),l.addEventListener(\"DOMContentLoaded\",function(){for(var e,t,s=l.querySelectorAll(\"iframe.wp-embedded-content\"),r=0;r<s.length;r++)(t=(e=s[r]).getAttribute(\"data-secret\"))||(t=Math.random().toString(36).substring(2,12),e.src+=\"#?secret=\"+t,e.setAttribute(\"data-secret\",t)),e.contentWindow.postMessage({message:\"ready\",secret:t},\"*\")},!1)))}(window,document);\n<\/script>\n","thumbnail_url":"https:\/\/mlcluster.com\/wp-content\/uploads\/2024\/06\/Stand-Cluster-socios-SIL2_-24-scaled.jpg","thumbnail_width":2560,"thumbnail_height":1504,"description":"Desde hoy hasta el 7 de junio, el Cl\u00faster de Movilidad y Log\u00edstica de Euskadi participa en el Sal\u00f3n Internacional de la Log\u00edstica que se celebra en Barcelona, el evento l\u00edder del sector log\u00edstico en Espa\u00f1a. Desde el stand B261, que comparte junto con sus socios Bizkaigar&#8211;Zeruan e Igarle, promocionar\u00e1 las capacidades de las empresas&hellip;"}